{"version":"1.0","provider_name":"Arte Charpentier","provider_url":"https:\/\/www.arte-charpentier.com\/fr\/","title":"Inauguration du centre commercial Les Saisons de Meaux - Arte Charpentier","type":"rich","width":600,"height":338,"html":"<blockquote class=\"wp-embedded-content\" data-secret=\"ZEbpQ3MVXH\"><a href=\"https:\/\/www.arte-charpentier.com\/fr\/inauguration-saisons-de-meaux\/\">Inauguration du centre commercial Les Saisons de Meaux<\/a><\/blockquote><iframe sandbox=\"allow-scripts\" security=\"restricted\" src=\"https:\/\/www.arte-charpentier.com\/fr\/inauguration-saisons-de-meaux\/embed\/#?secret=ZEbpQ3MVXH\" width=\"600\" height=\"338\" title=\"\u00ab\u00a0Inauguration du centre commercial Les Saisons de Meaux\u00a0\u00bb &#8212; Arte Charpentier\" data-secret=\"ZEbpQ3MVXH\" frameborder=\"0\" marginwidth=\"0\" marginheight=\"0\" scrolling=\"no\" class=\"wp-embedded-content\"><\/iframe><script type=\"text\/javascript\">\n\/* <![CDATA[ *\/\n\/*! This file is auto-generated *\/\n!function(d,l){\"use strict\";l.querySelector&&d.addEventListener&&\"undefined\"!=typeof URL&&(d.wp=d.wp||{},d.wp.receiveEmbedMessage||(d.wp.receiveEmbedMessage=function(e){var t=e.data;if((t||t.secret||t.message||t.value)&&!\/[^a-zA-Z0-9]\/.test(t.secret)){for(var s,r,n,a=l.querySelectorAll('iframe[data-secret=\"'+t.secret+'\"]'),o=l.querySelectorAll('blockquote[data-secret=\"'+t.secret+'\"]'),c=new RegExp(\"^https?:$\",\"i\"),i=0;i<o.length;i++)o[i].style.display=\"none\";for(i=0;i<a.length;i++)s=a[i],e.source===s.contentWindow&&(s.removeAttribute(\"style\"),\"height\"===t.message?(1e3<(r=parseInt(t.value,10))?r=1e3:~~r<200&&(r=200),s.height=r):\"link\"===t.message&&(r=new URL(s.getAttribute(\"src\")),n=new URL(t.value),c.test(n.protocol))&&n.host===r.host&&l.activeElement===s&&(d.top.location.href=t.value))}},d.addEventListener(\"message\",d.wp.receiveEmbedMessage,!1),l.addEventListener(\"DOMContentLoaded\",function(){for(var e,t,s=l.querySelectorAll(\"iframe.wp-embedded-content\"),r=0;r<s.length;r++)(t=(e=s[r]).getAttribute(\"data-secret\"))||(t=Math.random().toString(36).substring(2,12),e.src+=\"#?secret=\"+t,e.setAttribute(\"data-secret\",t)),e.contentWindow.postMessage({message:\"ready\",secret:t},\"*\")},!1)))}(window,document);\n\/* ]]> *\/\n<\/script>\n","thumbnail_url":"https:\/\/www.arte-charpentier.com\/wp-content\/uploads\/2021\/08\/lessaisonsdemeaux_confpresse_a-hobson_bd_7d382-1.jpg","thumbnail_width":2448,"thumbnail_height":1836,"description":"Le 20 octobre dernier, Les Saisons de Meaux, centre commercial Immochan certifi\u00e9 BREEAM Very Good, a \u00e9t\u00e9 inaugur\u00e9. \u00ab\u00a0Nous avons r\u00e9alis\u00e9 un centre tr\u00e8s compact, facile \u00e0 utiliser au quotidien, qui ressemble \u00e0 un village avec ses rues sillonnant entre les divers b\u00e2timents et ses espaces de vie en collectivit\u00e9. La Place de l\u2019Arbre se &hellip; Continued"}